{"id":479,"date":"2015-02-15T22:28:46","date_gmt":"2015-02-15T22:28:46","guid":{"rendered":"http:\/\/demo.djmimi.club\/themes\/recipe\/?page_id=479"},"modified":"2018-11-21T01:41:22","modified_gmt":"2018-11-21T00:41:22","slug":"home-page","status":"publish","type":"page","link":"https:\/\/cuinarxcuidar.com\/","title":{"rendered":"Home Page"},"content":{"rendered":"\t<section>\n\t\t<div class=\"container\">\n\t\t\t<div class=\"section-title clearfix\">\n\t\t\t\t<h3 class=\"pull-left\">\n\t\t\t\t\t\t\t\t\t\t\t<i class=\"fa fa-filter\"><\/i>\n\t\t\t\t\t\t\t\t\t\tCategories de Receptes\t\t\t\t<\/h3>\n\t\t\t\t\n\t\t\t<\/div>\t\t\t\n\t\t\t<div class=\"row category-list\">\n\t\t\t\t<div class=\"col-sm-4\"><a href=\"https:\/\/cuinarxcuidar.com\/?page_id=491&#038;recipe-category=proba\"><span class=\"icon icon_28\"><\/span> Amanides<\/a><\/div><div class=\"col-sm-4\"><a href=\"https:\/\/cuinarxcuidar.com\/?page_id=491&#038;recipe-category=croquetes-mandonguilles-crestes\"><span class=\"icon icon_72\"><\/span> Croquetes, Mandonguilles, Crestes<\/a><\/div><div class=\"col-sm-4\"><a href=\"https:\/\/cuinarxcuidar.com\/?page_id=491&#038;recipe-category=esmorzars-i-berenars\"><span class=\"icon icon_194\"><\/span> Entrapans, Esmorzars i Berenars<\/a><\/div><div class=\"col-sm-4\"><a href=\"https:\/\/cuinarxcuidar.com\/?page_id=491&#038;recipe-category=hamburgueses-vegetals\"><span class=\"icon icon_71\"><\/span> Hamburgueses<\/a><\/div><div class=\"col-sm-4\"><a href=\"https:\/\/cuinarxcuidar.com\/?page_id=491&#038;recipe-category=llegums\"><span class=\"icon icon_60\"><\/span> Llegums<\/a><\/div><div class=\"col-sm-4\"><a href=\"https:\/\/cuinarxcuidar.com\/?page_id=491&#038;recipe-category=cremes-per-untar\"><span class=\"icon icon_165\"><\/span> Pat\u00e9s i cremes per untar<\/a><\/div><div class=\"col-sm-4\"><a href=\"https:\/\/cuinarxcuidar.com\/?page_id=491&#038;recipe-category=pizzas-coques-pans\"><span class=\"icon icon_117\"><\/span> Pizzas, Coques, Pans<\/a><\/div><div class=\"col-sm-4\"><a href=\"https:\/\/cuinarxcuidar.com\/?page_id=491&#038;recipe-category=postres\"><span class=\"icon icon_146\"><\/span> Postres, Galetes, Coques<\/a><\/div><div class=\"col-sm-4\"><a href=\"https:\/\/cuinarxcuidar.com\/?page_id=491&#038;recipe-category=potatges-i-guisats\"><span class=\"icon icon_135\"><\/span> Potatges i guisats<\/a><\/div><div class=\"col-sm-4\"><a href=\"https:\/\/cuinarxcuidar.com\/?page_id=491&#038;recipe-category=proteina-vegetal\"><span class=\"icon icon_78\"><\/span> Proteina Vegetal<\/a><\/div><div class=\"col-sm-4\"><a href=\"https:\/\/cuinarxcuidar.com\/?page_id=491&#038;recipe-category=salses\"><span class=\"icon icon_173\"><\/span> Salses i Marinats<\/a><\/div><div class=\"col-sm-4\"><a href=\"https:\/\/cuinarxcuidar.com\/?page_id=491&#038;recipe-category=sopes-cremes-i-pures\"><span class=\"icon icon_193\"><\/span> Sopes, Cremes i Pures<\/a><\/div><div class=\"col-sm-4\"><a href=\"https:\/\/cuinarxcuidar.com\/?page_id=491&#038;recipe-category=verdures-i-hortalisses\"><span class=\"icon icon_33\"><\/span> Verdures i Hortalisses<\/a><\/div>\t\t\t<\/div>\n\t\t<\/div>\n\t<\/section>\n\t\n\t<section class=\"\">\n\t\t<div class=\"container\">\n\t\t\t\t\t\t\t<div class=\"section-title clearfix\">\n\t\t\t\t\t<h3 class=\"pull-left\">\n\t\t\t\t\t\t\t\t\t\t\t\t\t<i class=\"fa fa-clock-o\"><\/i>\n\t\t\t\t\t\t\t\t\t\t\t\t\u00daltimes Receptes\t\t\t\t\t<\/h3>\n\t\t\t\t\t\t\t\t\t\t\t\n\t\t\t\t\t\t\t\t\t<\/div>\n\t\t\t\t\t\t<div class=\"row\">\n\t\t\t\t\t\t\t\t\t\t<div class=\"col-sm-4\">\n\t\t\t\t\t\t\t<div class=\"recipe-box white-block\">\n\t<div class=\"blog-media\">\n\t\t<div class=\"embed-responsive embed-responsive-16by9\">\n\t<a href=\"https:\/\/cuinarxcuidar.com\/?recipe=croquetes-de-xampinyons-i-soja-texturitzada\"><img loading=\"lazy\" decoding=\"async\" width=\"360\" height=\"203\" src=\"https:\/\/cuinarxcuidar.com\/wp-content\/uploads\/2020\/06\/foto-croquetes-360x203.jpg\" class=\"embed-responsive-item wp-post-image\" alt=\"\" srcset=\"https:\/\/cuinarxcuidar.com\/wp-content\/uploads\/2020\/06\/foto-croquetes-360x203.jpg 360w, https:\/\/cuinarxcuidar.com\/wp-content\/uploads\/2020\/06\/foto-croquetes-300x169.jpg 300w, https:\/\/cuinarxcuidar.com\/wp-content\/uploads\/2020\/06\/foto-croquetes-1024x576.jpg 1024w, https:\/\/cuinarxcuidar.com\/wp-content\/uploads\/2020\/06\/foto-croquetes-768x432.jpg 768w, https:\/\/cuinarxcuidar.com\/wp-content\/uploads\/2020\/06\/foto-croquetes-848x477.jpg 848w, https:\/\/cuinarxcuidar.com\/wp-content\/uploads\/2020\/06\/foto-croquetes-263x148.jpg 263w, https:\/\/cuinarxcuidar.com\/wp-content\/uploads\/2020\/06\/foto-croquetes.jpg 1280w\" sizes=\"auto, (max-width: 360px) 100vw, 360px\" \/><\/a><\/div>\t<\/div>\n\t<div class=\"content-inner\">\n\t\t<a href=\"https:\/\/cuinarxcuidar.com\/?recipe=croquetes-de-xampinyons-i-soja-texturitzada\" class=\"blog-title\">\n\t\t\t<h4>Croquetes de xampinyons i soja texturitzada<\/h4>\n\t\t<\/a>\n\n\t\t<p>Les croquetes s\u00f3n sempre un recurs que ve de gust. A vegades semblen complicades de fer perqu\u00e8 no sabem com obtenir la consist\u00e8ncia adequada que fa que no es desfasin. Normalment com aglutinant es fa servir la beixamel feta amb llet. Tamb\u00e9 l&#8217;ou sembla l&#8217;element imprescindible per aconseguir un bon arrebossat. En la cuina vegana [&hellip;]<\/p>\n\n\t\t<div class=\"avatar\">\n\t\t\t\t\t\t\t<img loading=\"lazy\" decoding=\"async\" src=\"https:\/\/cuinarxcuidar.com\/wp-content\/uploads\/2018\/11\/favicon-vega-25x25.jpg\" alt=\"author\" width=\"25\" height=\"25\"\/>\n\t\t\t\t\n\n\t\t\tPer \t\t\t<a href=\"https:\/\/cuinarxcuidar.com\/?author=1\">\n\t\t\t\tcuinar x cuidar\t\t\t\t\t\t\n\t\t\t<\/a>\n\t\t<\/div>\n\t<\/div>\n\t<div class=\"content-footer\">\n\t\t<div class=\"content-inner\">\n\t\t\t<ul class=\"list-unstyled list-inline recipe-meta clearfix\">\n\t\t\t\t\n\t\t\t\t\n\t\t\t\t\n\t\t\t\t\t\t\t<\/ul>\n\t\t<\/div>\n\t<\/div>\n<\/div>\t\t\t\t\t\t<\/div>\n\t\t\t\t\t\t\t\t\t\t\t\t<div class=\"col-sm-4\">\n\t\t\t\t\t\t\t<div class=\"recipe-box white-block\">\n\t<div class=\"blog-media\">\n\t\t<div class=\"embed-responsive embed-responsive-16by9\">\n\t<a href=\"https:\/\/cuinarxcuidar.com\/?recipe=foix-gras\"><img loading=\"lazy\" decoding=\"async\" width=\"360\" height=\"203\" src=\"https:\/\/cuinarxcuidar.com\/wp-content\/uploads\/2020\/03\/foix-gras-portada-360x203.jpg\" class=\"embed-responsive-item wp-post-image\" alt=\"\" srcset=\"https:\/\/cuinarxcuidar.com\/wp-content\/uploads\/2020\/03\/foix-gras-portada-360x203.jpg 360w, https:\/\/cuinarxcuidar.com\/wp-content\/uploads\/2020\/03\/foix-gras-portada-848x477.jpg 848w, https:\/\/cuinarxcuidar.com\/wp-content\/uploads\/2020\/03\/foix-gras-portada-263x148.jpg 263w\" sizes=\"auto, (max-width: 360px) 100vw, 360px\" \/><\/a><\/div>\t<\/div>\n\t<div class=\"content-inner\">\n\t\t<a href=\"https:\/\/cuinarxcuidar.com\/?recipe=foix-gras\" class=\"blog-title\">\n\t\t\t<h4>&#8220;Faux Gras&#8221;<\/h4>\n\t\t<\/a>\n\n\t\t<p>Aquest foie gras veg\u00e0 o \u201cfaux gras\u201d (joc de paraules en franc\u00e8s on es juga amb la paraula \u201cfals greix\u201d) l\u2019ha creat el xef franc\u00e8s Alexis Gauthier (1 estrella Michelin). Aquest cuiner veg\u00e0 la va crear per substituir el pat\u00e9 original que s\u2019extreu del fetge dels \u00e0necs, i aix\u00ed lluitar contra aquesta practica horrible de [&hellip;]<\/p>\n\n\t\t<div class=\"avatar\">\n\t\t\t\t\t\t\t<img loading=\"lazy\" decoding=\"async\" src=\"https:\/\/cuinarxcuidar.com\/wp-content\/uploads\/2018\/11\/favicon-vega-25x25.jpg\" alt=\"author\" width=\"25\" height=\"25\"\/>\n\t\t\t\t\n\n\t\t\tPer \t\t\t<a href=\"https:\/\/cuinarxcuidar.com\/?author=1\">\n\t\t\t\tcuinar x cuidar\t\t\t\t\t\t\n\t\t\t<\/a>\n\t\t<\/div>\n\t<\/div>\n\t<div class=\"content-footer\">\n\t\t<div class=\"content-inner\">\n\t\t\t<ul class=\"list-unstyled list-inline recipe-meta clearfix\">\n\t\t\t\t\n\t\t\t\t\n\t\t\t\t\n\t\t\t\t\t\t\t<\/ul>\n\t\t<\/div>\n\t<\/div>\n<\/div>\t\t\t\t\t\t<\/div>\n\t\t\t\t\t\t\t\t\t\t\t\t<div class=\"col-sm-4\">\n\t\t\t\t\t\t\t<div class=\"recipe-box white-block\">\n\t<div class=\"blog-media\">\n\t\t<div class=\"embed-responsive embed-responsive-16by9\">\n\t<a href=\"https:\/\/cuinarxcuidar.com\/?recipe=beixamel-vegana\"><img loading=\"lazy\" decoding=\"async\" width=\"360\" height=\"203\" src=\"https:\/\/cuinarxcuidar.com\/wp-content\/uploads\/2019\/12\/beixamel-360x203.jpg\" class=\"embed-responsive-item wp-post-image\" alt=\"\" srcset=\"https:\/\/cuinarxcuidar.com\/wp-content\/uploads\/2019\/12\/beixamel-360x203.jpg 360w, https:\/\/cuinarxcuidar.com\/wp-content\/uploads\/2019\/12\/beixamel-848x477.jpg 848w, https:\/\/cuinarxcuidar.com\/wp-content\/uploads\/2019\/12\/beixamel-263x148.jpg 263w\" sizes=\"auto, (max-width: 360px) 100vw, 360px\" \/><\/a><\/div>\t<\/div>\n\t<div class=\"content-inner\">\n\t\t<a href=\"https:\/\/cuinarxcuidar.com\/?recipe=beixamel-vegana\" class=\"blog-title\">\n\t\t\t<h4>Beixamel vegana<\/h4>\n\t\t<\/a>\n\n\t\t<p>La salsa beixamel original \u00e9s una salsa blanca feta amb llet o crema de llet de vaca, i farina. S&#8217;utilitza com a salsa b\u00e0sica i \u00e9s una de les salses m\u00e9s conegudes de la cuina francesa. Per fer-la vegana nom\u00e9s cal substituir la llet de vaca per una beguda vegetal (que no tingui sucres afegits [&hellip;]<\/p>\n\n\t\t<div class=\"avatar\">\n\t\t\t\t\t\t\t<img loading=\"lazy\" decoding=\"async\" src=\"https:\/\/cuinarxcuidar.com\/wp-content\/uploads\/2018\/11\/favicon-vega-25x25.jpg\" alt=\"author\" width=\"25\" height=\"25\"\/>\n\t\t\t\t\n\n\t\t\tPer \t\t\t<a href=\"https:\/\/cuinarxcuidar.com\/?author=1\">\n\t\t\t\tcuinar x cuidar\t\t\t\t\t\t\n\t\t\t<\/a>\n\t\t<\/div>\n\t<\/div>\n\t<div class=\"content-footer\">\n\t\t<div class=\"content-inner\">\n\t\t\t<ul class=\"list-unstyled list-inline recipe-meta clearfix\">\n\t\t\t\t\n\t\t\t\t\n\t\t\t\t\n\t\t\t\t\t\t\t<\/ul>\n\t\t<\/div>\n\t<\/div>\n<\/div>\t\t\t\t\t\t<\/div>\n\t\t\t\t\t\t\t\t\t<\/div>\n\t\t<\/div>\n\t<\/section>\t\n\t\n\t<section>\n\t\t<div class=\"container\">\n\t\t\t<div class=\"section-title clearfix\">\n\t\t\t\t<h3 class=\"pull-left\">\n\t\t\t\t\t\t\t\t\t\t\t<i class=\"fa fa-pencil-square-o\"><\/i>\n\t\t\t\t\t\t\t\t\t\t\u00daltims Articles del Bloc\t\t\t\t<\/h3>\n\t\t\t\t\n\t\t\t<\/div>\t\n\t\t\t<div class=\"row\">\n\t\t\t\t\t\t\t\t\t\t<div class=\"col-sm-4\">\n\t\t\t\t\t\t\t<div class=\"blog-item white-block post-2393 post type-post status-publish format-video hentry category-clips-de-video category-denuncia post_format-post-format-video\">\n\t\t\t\t\t\t\t\t\t\t\t\t\t\t\t\t\t<div class=\"blog-media\">\n\t\t\t\t\t\t\t\t\t\t\t\t\t\t\t\t\t\t\t\t<div class=\"embed-responsive embed-responsive-16by9\">\n\t\t\t\t<iframe src=\"https:\/\/www.youtube.com\/embed\/euDWHbOnZm8?rel=0\" class=\"embed-responsive-item\"><\/iframe>\n\t\t\t<\/div>\t\t\t\t\t\t\t\t\t<\/div>\n\t\t\t\t\t\t\t\t\t\t\t\t\t\t\t\t<div class=\"content-inner\">\n\n\t\t\t\t\t\t\t\t\t<div class=\"blog-title-wrap\">\n\t\t\t\t\t\t\t\t\t\t<a href=\"https:\/\/cuinarxcuidar.com\/?p=2393\" class=\"blog-title\">\n\t\t\t\t\t\t\t\t\t\t\t<h4>La consciencia del que els hi estem fent als animals<\/h4>\n\t\t\t\t\t\t\t\t\t\t<\/a>\n\t\t\t\t\t\t\t\t\t\t<p class=\"post-meta clearfix\">\n\t\t\t\t\t\t\t\t\t\t\tPer \t\t\t\t\t\t\t\t\t\t\t<a href=\"https:\/\/cuinarxcuidar.com\/?author=1\">\n\t\t\t\t\t\t\t\t\t\t\t\tcuinar x cuidar\t\t\t\t\t\t\t\t\t\t\t<\/a>\n\t\t\t\t\t\t\t\t\t\t\ta\t\t\t\t\t\t\t\t\t\t\t<a href=\"https:\/\/cuinarxcuidar.com\/?cat=195\">Clips de video<\/a> <a href=\"https:\/\/cuinarxcuidar.com\/?cat=293\">Denuncia<\/a> \t\t\t\t\t\t\t\t\t\t\t<span class=\"pull-right\">\n\t\t\t\t\t\t\t\t\t\t\t1 de juliol de 2020\t\t\t\t\t\t\t\t\t\t\t<\/span>\n\t\t\t\t\t\t\t\t\t\t<\/p>\t\t\t\t\t\t\n\t\t\t\t\t\t\t\t\t<\/div>\n\n\t\t\t\t\t\t\t\t\t<p>En aquest videoclip colpidor de la organitzaci\u00f3 &#8220;People for the Ethical Treatment of Animals&#8221; (PETA), organitzaci\u00f3 internacional a favor drets dels animals, la humanitat del futur ha acabat rebutjant l&#8217;explotaci\u00f3 dels animals i ha pres consci\u00e8ncia poc a poc de tot el dolor que va causar. &nbsp; \u00bfQui\u00e9nes somos? \u00bfQu\u00e9 nos define? Pretend\u00edamos que no [&hellip;]<\/p>\n\n\t\t\t\t\t\t\t\t\t<div class=\"clearfix\">\n\t\t\t\t\t\t\t\t\t\t<a href=\"https:\/\/cuinarxcuidar.com\/?p=2393\" class=\"btn pull-left\">\n\t\t\t\t\t\t\t\t\t\t\tContinuar llegint\t\t\t\t\t\t\t\t\t\t<\/a>\n\t\t\t\t\t\t\t\t\t<\/div>\n\n\t\t\t\t\t\t\t\t<\/div>\t\t\t\t\t\t\t\n\t\t\t\t\t\t\t<\/div>\n\t\t\t\t\t\t<\/div>\n\t\t\t\t\t\t\t\t\t\t\t\t<div class=\"col-sm-4\">\n\t\t\t\t\t\t\t<div class=\"blog-item white-block post-2520 post type-post status-publish format-standard has-post-thumbnail hentry category-denuncia category-veganisme-concepte tag-carn-de-gos tag-covid19 tag-gats tag-gossos tag-menjar-gossos tag-prohibicio tag-xina\">\n\t\t\t\t\t\t\t\t\t\t\t\t\t\t\t\t\t<div class=\"blog-media\">\n\t\t\t\t\t\t\t\t\t\t\t\t\t\t\t\t\t\t\t\t<div class=\"embed-responsive embed-responsive-16by9\">\n\t<a href=\"https:\/\/cuinarxcuidar.com\/?p=2520\"><img loading=\"lazy\" decoding=\"async\" width=\"360\" height=\"203\" src=\"https:\/\/cuinarxcuidar.com\/wp-content\/uploads\/2020\/06\/canes-taiwan-12129-x-imatge-destacada-360x203.jpg\" class=\"embed-responsive-item wp-post-image\" alt=\"\" srcset=\"https:\/\/cuinarxcuidar.com\/wp-content\/uploads\/2020\/06\/canes-taiwan-12129-x-imatge-destacada-360x203.jpg 360w, https:\/\/cuinarxcuidar.com\/wp-content\/uploads\/2020\/06\/canes-taiwan-12129-x-imatge-destacada-263x148.jpg 263w\" sizes=\"auto, (max-width: 360px) 100vw, 360px\" \/><\/a><\/div>\t\t\t\t\t\t\t\t\t<\/div>\n\t\t\t\t\t\t\t\t\t\t\t\t\t\t\t\t<div class=\"content-inner\">\n\n\t\t\t\t\t\t\t\t\t<div class=\"blog-title-wrap\">\n\t\t\t\t\t\t\t\t\t\t<a href=\"https:\/\/cuinarxcuidar.com\/?p=2520\" class=\"blog-title\">\n\t\t\t\t\t\t\t\t\t\t\t<h4>La Xina prohibeix el consum de carn de gos i de gat<\/h4>\n\t\t\t\t\t\t\t\t\t\t<\/a>\n\t\t\t\t\t\t\t\t\t\t<p class=\"post-meta clearfix\">\n\t\t\t\t\t\t\t\t\t\t\tPer \t\t\t\t\t\t\t\t\t\t\t<a href=\"https:\/\/cuinarxcuidar.com\/?author=1\">\n\t\t\t\t\t\t\t\t\t\t\t\tcuinar x cuidar\t\t\t\t\t\t\t\t\t\t\t<\/a>\n\t\t\t\t\t\t\t\t\t\t\ta\t\t\t\t\t\t\t\t\t\t\t<a href=\"https:\/\/cuinarxcuidar.com\/?cat=293\">Denuncia<\/a> <a href=\"https:\/\/cuinarxcuidar.com\/?cat=186\">Veganisme. Especisme. Teoria<\/a> \t\t\t\t\t\t\t\t\t\t\t<span class=\"pull-right\">\n\t\t\t\t\t\t\t\t\t\t\t7 de juny de 2020\t\t\t\t\t\t\t\t\t\t\t<\/span>\n\t\t\t\t\t\t\t\t\t\t<\/p>\t\t\t\t\t\t\n\t\t\t\t\t\t\t\t\t<\/div>\n\n\t\t\t\t\t\t\t\t\t<p>De noticies dels diaris: \u201cA alguns pa\u00efsos asi\u00e0tics (la Xina, Vietnam i Corea del Sud) hi ha el costum de menjar carn de gos i de gat. Tamb\u00e9 a altres parts del m\u00f3n hi ha aquest costum, inclosa Europa, on se\u2019n van menjar fins a comen\u00e7aments del segle XX. A Fran\u00e7a fins i tot hi [&hellip;]<\/p>\n\n\t\t\t\t\t\t\t\t\t<div class=\"clearfix\">\n\t\t\t\t\t\t\t\t\t\t<a href=\"https:\/\/cuinarxcuidar.com\/?p=2520\" class=\"btn pull-left\">\n\t\t\t\t\t\t\t\t\t\t\tContinuar llegint\t\t\t\t\t\t\t\t\t\t<\/a>\n\t\t\t\t\t\t\t\t\t<\/div>\n\n\t\t\t\t\t\t\t\t<\/div>\t\t\t\t\t\t\t\n\t\t\t\t\t\t\t<\/div>\n\t\t\t\t\t\t<\/div>\n\t\t\t\t\t\t\t\t\t\t\t\t<div class=\"col-sm-4\">\n\t\t\t\t\t\t\t<div class=\"blog-item white-block post-2043 post type-post status-publish format-standard has-post-thumbnail hentry category-links-informacions-calendari category-teoria-nutricional\">\n\t\t\t\t\t\t\t\t\t\t\t\t\t\t\t\t\t<div class=\"blog-media\">\n\t\t\t\t\t\t\t\t\t\t\t\t\t\t\t\t\t\t\t\t<div class=\"embed-responsive embed-responsive-16by9\">\n\t<a href=\"https:\/\/cuinarxcuidar.com\/?p=2043\"><img loading=\"lazy\" decoding=\"async\" width=\"360\" height=\"203\" src=\"https:\/\/cuinarxcuidar.com\/wp-content\/uploads\/2020\/02\/UVE-gran-1-360x203.jpg\" class=\"embed-responsive-item wp-post-image\" alt=\"\" srcset=\"https:\/\/cuinarxcuidar.com\/wp-content\/uploads\/2020\/02\/UVE-gran-1-360x203.jpg 360w, https:\/\/cuinarxcuidar.com\/wp-content\/uploads\/2020\/02\/UVE-gran-1-848x477.jpg 848w, https:\/\/cuinarxcuidar.com\/wp-content\/uploads\/2020\/02\/UVE-gran-1-263x148.jpg 263w\" sizes=\"auto, (max-width: 360px) 100vw, 360px\" \/><\/a><\/div>\t\t\t\t\t\t\t\t\t<\/div>\n\t\t\t\t\t\t\t\t\t\t\t\t\t\t\t\t<div class=\"content-inner\">\n\n\t\t\t\t\t\t\t\t\t<div class=\"blog-title-wrap\">\n\t\t\t\t\t\t\t\t\t\t<a href=\"https:\/\/cuinarxcuidar.com\/?p=2043\" class=\"blog-title\">\n\t\t\t\t\t\t\t\t\t\t\t<h4>Uni\u00f3n Vegetariana Espa\u00f1ola (UVE)<\/h4>\n\t\t\t\t\t\t\t\t\t\t<\/a>\n\t\t\t\t\t\t\t\t\t\t<p class=\"post-meta clearfix\">\n\t\t\t\t\t\t\t\t\t\t\tPer \t\t\t\t\t\t\t\t\t\t\t<a href=\"https:\/\/cuinarxcuidar.com\/?author=1\">\n\t\t\t\t\t\t\t\t\t\t\t\tcuinar x cuidar\t\t\t\t\t\t\t\t\t\t\t<\/a>\n\t\t\t\t\t\t\t\t\t\t\ta\t\t\t\t\t\t\t\t\t\t\t<a href=\"https:\/\/cuinarxcuidar.com\/?cat=22\">Links\/Informacions\/Calendari<\/a> <a href=\"https:\/\/cuinarxcuidar.com\/?cat=19\">Teoria Nutricional<\/a> \t\t\t\t\t\t\t\t\t\t\t<span class=\"pull-right\">\n\t\t\t\t\t\t\t\t\t\t\t15 de febrer de 2020\t\t\t\t\t\t\t\t\t\t\t<\/span>\n\t\t\t\t\t\t\t\t\t\t<\/p>\t\t\t\t\t\t\n\t\t\t\t\t\t\t\t\t<\/div>\n\n\t\t\t\t\t\t\t\t\t<p>Un bon recurs per informar-se sobre el veganisme \u00e9s l&#8217;associaci\u00f3 Uni\u00f3n Vegetariana Espanyola. Es va crear al 2003 i \u00e9s membre de la Uni\u00f3n Vegetariana Europea i de la Uni\u00f3n Vegetariana Internacional. Al seu web, la UVE ofereix una \u00e0mplia selecci\u00f3 de textos sobre nutrici\u00f3 classificada per temes. Tots ells de fonts cient\u00edfiques solvent. Aix\u00ed [&hellip;]<\/p>\n\n\t\t\t\t\t\t\t\t\t<div class=\"clearfix\">\n\t\t\t\t\t\t\t\t\t\t<a href=\"https:\/\/cuinarxcuidar.com\/?p=2043\" class=\"btn pull-left\">\n\t\t\t\t\t\t\t\t\t\t\tContinuar llegint\t\t\t\t\t\t\t\t\t\t<\/a>\n\t\t\t\t\t\t\t\t\t<\/div>\n\n\t\t\t\t\t\t\t\t<\/div>\t\t\t\t\t\t\t\n\t\t\t\t\t\t\t<\/div>\n\t\t\t\t\t\t<\/div>\n\t\t\t\t\t\t\t\t\t<\/div>\n\t\t<\/div>\n\t<\/section>\n\t\n","protected":false},"excerpt":{"rendered":"","protected":false},"author":1,"featured_media":0,"parent":0,"menu_order":0,"comment_status":"open","ping_status":"open","template":"page-tpl_home.php","meta":{"footnotes":""},"class_list":["post-479","page","type-page","status-publish","hentry"],"_links":{"self":[{"href":"https:\/\/cuinarxcuidar.com\/index.php?rest_route=\/wp\/v2\/pages\/479","targetHints":{"allow":["GET"]}}],"collection":[{"href":"https:\/\/cuinarxcuidar.com\/index.php?rest_route=\/wp\/v2\/pages"}],"about":[{"href":"https:\/\/cuinarxcuidar.com\/index.php?rest_route=\/wp\/v2\/types\/page"}],"author":[{"embeddable":true,"href":"https:\/\/cuinarxcuidar.com\/index.php?rest_route=\/wp\/v2\/users\/1"}],"replies":[{"embeddable":true,"href":"https:\/\/cuinarxcuidar.com\/index.php?rest_route=%2Fwp%2Fv2%2Fcomments&post=479"}],"version-history":[{"count":53,"href":"https:\/\/cuinarxcuidar.com\/index.php?rest_route=\/wp\/v2\/pages\/479\/revisions"}],"predecessor-version":[{"id":1150,"href":"https:\/\/cuinarxcuidar.com\/index.php?rest_route=\/wp\/v2\/pages\/479\/revisions\/1150"}],"wp:attachment":[{"href":"https:\/\/cuinarxcuidar.com\/index.php?rest_route=%2Fwp%2Fv2%2Fmedia&parent=479"}],"curies":[{"name":"wp","href":"https:\/\/api.w.org\/{rel}","templated":true}]}}